{"id":868,"date":"2023-01-17T18:38:24","date_gmt":"2023-01-17T17:38:24","guid":{"rendered":"http:\/\/ipoweb.bruxelles.be\/primdachsbeck\/?page_id=868"},"modified":"2023-01-17T18:39:04","modified_gmt":"2023-01-17T17:39:04","slug":"le-pouvoir-organisateur","status":"publish","type":"page","link":"https:\/\/ipoweb.bruxelles.be\/primdachsbeck\/?page_id=868","title":{"rendered":"Le Pouvoir Organisateur"},"content":{"rendered":"\n<p>L&rsquo;\u00e9cole primaire Henriette Dachsbeck fait partie du Pouvoir Organisateur de la Ville de Bruxelles.<\/p>\n\n\n\n<p>En tant que pouvoir organisateur autonome, la Ville de Bruxelles \u00e9tend son action \u00e9ducative aux enseignements maternel, primaire, secondaire, sup\u00e9rieur, de promotion sociale et artistique \u00e0 horaire r\u00e9duit.<\/p>\n\n\n\n<p>L\u2019enseignement de la Ville appartient au r\u00e9seau officiel subventionn\u00e9 et pr\u00e9sente un caract\u00e8re non confessionnel.<\/p>\n\n\n\n<p>La Ville de Bruxelles reconna\u00eet le r\u00f4le primordial de l\u2019enseignement dans la construction d\u2019une soci\u00e9t\u00e9 d\u00e9mocratique, \u00e9quitable, solidaire et respectueuse de chacun.<\/p>\n\n\n\n<p>L\u2019\u00e9cole se doit de former des individus qui soient les artisans de leur propre \u00e9panouissement et d\u2019une soci\u00e9t\u00e9 juste, ouverte et harmonieuse. Pour mener \u00e0 bien ce projet de soci\u00e9t\u00e9, il est primordial que l\u2019enseignement repose sur les principes fondateurs d\u2019une soci\u00e9t\u00e9 d\u00e9mocratique.<\/p>\n","protected":false},"excerpt":{"rendered":"<p>L&rsquo;\u00e9cole primaire Henriette Dachsbeck fait partie du Pouvoir Organisateur de la Ville de Bruxelles. En tant que pouvoir organisateur autonome, la Ville de Bruxelles \u00e9tend son action \u00e9ducative aux enseignements maternel, primaire, secondaire, sup\u00e9rieur, de promotion sociale et artistique \u00e0 horaire r\u00e9duit. L\u2019enseignement de la Ville appartient au r\u00e9seau officiel subventionn\u00e9 et pr\u00e9sente un caract\u00e8re [&hellip;]<\/p>\n","protected":false},"author":2,"featured_media":0,"parent":0,"menu_order":0,"comment_status":"closed","ping_status":"closed","template":"","meta":{"footnotes":""},"jetpack_sharing_enabled":true,"_links":{"self":[{"href":"https:\/\/ipoweb.bruxelles.be\/primdachsbeck\/index.php?rest_route=\/wp\/v2\/pages\/868"}],"collection":[{"href":"https:\/\/ipoweb.bruxelles.be\/primdachsbeck\/index.php?rest_route=\/wp\/v2\/pages"}],"about":[{"href":"https:\/\/ipoweb.bruxelles.be\/primdachsbeck\/index.php?rest_route=\/wp\/v2\/types\/page"}],"author":[{"embeddable":true,"href":"https:\/\/ipoweb.bruxelles.be\/primdachsbeck\/index.php?rest_route=\/wp\/v2\/users\/2"}],"replies":[{"embeddable":true,"href":"https:\/\/ipoweb.bruxelles.be\/primdachsbeck\/index.php?rest_route=%2Fwp%2Fv2%2Fcomments&post=868"}],"version-history":[{"count":1,"href":"https:\/\/ipoweb.bruxelles.be\/primdachsbeck\/index.php?rest_route=\/wp\/v2\/pages\/868\/revisions"}],"predecessor-version":[{"id":869,"href":"https:\/\/ipoweb.bruxelles.be\/primdachsbeck\/index.php?rest_route=\/wp\/v2\/pages\/868\/revisions\/869"}],"wp:attachment":[{"href":"https:\/\/ipoweb.bruxelles.be\/primdachsbeck\/index.php?rest_route=%2Fwp%2Fv2%2Fmedia&parent=868"}],"curies":[{"name":"wp","href":"https:\/\/api.w.org\/{rel}","templated":true}]}}