{"id":2011,"date":"2021-03-24T10:56:21","date_gmt":"2021-03-24T09:56:21","guid":{"rendered":"http:\/\/ipoweb.bruxelles.be\/profdemain\/?post_type=avada_faq&#038;p=2011"},"modified":"2021-04-22T14:36:06","modified_gmt":"2021-04-22T12:36:06","slug":"quelles-sont-les-conditions-dacces-au-projet-prof-demain","status":"publish","type":"avada_faq","link":"https:\/\/ipoweb.bruxelles.be\/profdemain\/faq-items\/quelles-sont-les-conditions-dacces-au-projet-prof-demain\/","title":{"rendered":"Quelles sont les conditions d\u2019acc\u00e8s au projet prof demain ?"},"content":{"rendered":"<p>Vous devez \u00eatre en possession :<\/p>\n<ul>\n<li>de votre Certificat d\u2019Enseignement Secondaire Sup\u00e9rieur (CESS)\u202f;<\/li>\n<li>si vous en avez un, votre dipl\u00f4me d\u2019enseignement sup\u00e9rieur\u00a0 et si n\u00e9cessaire une \u00e9quivalence (Reconnue par la F\u00e9d\u00e9ration Wallonie-Bruxelles anciennement Communaut\u00e9 fran\u00e7aise) (<a href=\"http:\/\/www.equivalences.cfwb.be\" target=\"_blank\" rel=\"noopener\">http:\/\/www.equivalences.cfwb.be<\/a>\/).<\/li>\n<\/ul>\n<p><strong>Le minerval des \u00e9tudes<\/strong> \u00e0 la Haute Ecole Francisco Ferrer (HEFF) est pris en charge par Bruxelles Formation uniquement si :<\/p>\n<ul>\n<li style=\"list-style-type: none;\">\n<ul>\n<li style=\"list-style-type: none;\">\n<ul>\n<li style=\"list-style-type: none;\">\n<ul>\n<li style=\"list-style-type: none;\">\n<ul>\n<li style=\"list-style-type: none;\">\n<ul>\n<li>le\/la candidat.e est engag\u00e9.e par la Ville de Bruxelles dans le cadre du projet prof demain\u00a0;<\/li>\n<li>le\/la candidat.e est engag\u00e9.e doit s\u2019inscrire \u00e0 une des formation en horaire adapt\u00e9 de la Haut\u00e9 Ecole Francisco Ferrer (langues germaniques, science ou math\u00e9matiques) ;<\/li>\n<li>qu\u2019il\/elle est en possession du document A15 (preuve de l\u2019inscription comme chercheur d\u2019emploi)\u00a0;<\/li>\n<li>le\/la candidat.e r\u00e9side dans la R\u00e9gion de Bruxelles-Capitale.<\/li>\n<\/ul>\n<\/li>\n<\/ul>\n<\/li>\n<\/ul>\n<\/li>\n<\/ul>\n<\/li>\n<\/ul>\n<\/li>\n<li>Pour \u00eatre engag\u00e9 comme enseignant.e de langues germaniques avoir pass\u00e9 un test de niveau chez Actiris et obtenir minimum le nivau B2\u00a0 ;<\/li>\n<li>Veiller \u00e9galement \u00e0 avoir les \u00e9quivalences de ses dipl\u00f4mes (reconnaissance par la F\u00e9d\u00e9ration Wallonie-Bruxelles uniquement).<\/li>\n<\/ul>\n","protected":false},"excerpt":{"rendered":"<p>Vous devez \u00eatre en possession : de votre Certificat d\u2019Enseignement [&hellip;]<\/p>\n","protected":false},"author":1,"featured_media":0,"menu_order":0,"comment_status":"closed","ping_status":"closed","template":"","format":"standard","meta":{"footnotes":""},"faq_category":[11],"_links":{"self":[{"href":"https:\/\/ipoweb.bruxelles.be\/profdemain\/wp-json\/wp\/v2\/avada_faq\/2011"}],"collection":[{"href":"https:\/\/ipoweb.bruxelles.be\/profdemain\/wp-json\/wp\/v2\/avada_faq"}],"about":[{"href":"https:\/\/ipoweb.bruxelles.be\/profdemain\/wp-json\/wp\/v2\/types\/avada_faq"}],"author":[{"embeddable":true,"href":"https:\/\/ipoweb.bruxelles.be\/profdemain\/wp-json\/wp\/v2\/users\/1"}],"replies":[{"embeddable":true,"href":"https:\/\/ipoweb.bruxelles.be\/profdemain\/wp-json\/wp\/v2\/comments?post=2011"}],"version-history":[{"count":6,"href":"https:\/\/ipoweb.bruxelles.be\/profdemain\/wp-json\/wp\/v2\/avada_faq\/2011\/revisions"}],"predecessor-version":[{"id":2268,"href":"https:\/\/ipoweb.bruxelles.be\/profdemain\/wp-json\/wp\/v2\/avada_faq\/2011\/revisions\/2268"}],"wp:attachment":[{"href":"https:\/\/ipoweb.bruxelles.be\/profdemain\/wp-json\/wp\/v2\/media?parent=2011"}],"wp:term":[{"taxonomy":"faq_category","embeddable":true,"href":"https:\/\/ipoweb.bruxelles.be\/profdemain\/wp-json\/wp\/v2\/faq_category?post=2011"}],"curies":[{"name":"wp","href":"https:\/\/api.w.org\/{rel}","templated":true}]}}