{"id":2023,"date":"2021-03-24T11:12:57","date_gmt":"2021-03-24T10:12:57","guid":{"rendered":"http:\/\/ipoweb.bruxelles.be\/profdemain\/?post_type=avada_faq&#038;p=2023"},"modified":"2021-05-05T11:37:39","modified_gmt":"2021-05-05T09:37:39","slug":"comment-lhoraire-du-cursus-est-il-articule-sur-combien-de-jours-la-presence-aux-cours-est-elle-obligatoire","status":"publish","type":"avada_faq","link":"https:\/\/ipoweb.bruxelles.be\/profdemain\/faq-items\/comment-lhoraire-du-cursus-est-il-articule-sur-combien-de-jours-la-presence-aux-cours-est-elle-obligatoire\/","title":{"rendered":"Comment l\u2019horaire du cursus est-il articul\u00e9 ?  La pr\u00e9sence aux cours est-elle obligatoire ?"},"content":{"rendered":"<p>L\u2019horaire des cours est r\u00e9parti sur les jours suivants :<\/p>\n<ul>\n<li>Lundi entre 8h et 18h (journ\u00e9e cours de p\u00e9dagogie, stage, formation pratique)<\/li>\n<li>Mardi, Mercredi et Jeudi de 17h30 \u00e0 21h30<\/li>\n<li>Samedi de 8h \u00e0 13h<\/li>\n<\/ul>\n<p>La pr\u00e9sence aux cours est n\u00e9cessaire et vivement conseill\u00e9e puisque la formation veille \u00e0 articuler th\u00e9orie et pratique professionnelle. De plus, certaines activit\u00e9s requi\u00e8rent une pr\u00e9sence obligatoire (stage, ateliers de formation pratique). Notez que les stages sont pr\u00e9vus sur plusieurs jours d\u2019affil\u00e9s,\u00a0il faut pouvoir se lib\u00e9rer pour les stages dont les d\u00e9tails d&rsquo;organisation peuvent \u00eatre donn\u00e9s par le secr\u00e9tariat du d\u00e9partement p\u00e9dagogique.<\/p>\n","protected":false},"excerpt":{"rendered":"<p>L\u2019horaire des cours est r\u00e9parti sur les jours suivants : [&hellip;]<\/p>\n","protected":false},"author":1,"featured_media":0,"menu_order":0,"comment_status":"closed","ping_status":"closed","template":"","format":"standard","meta":{"footnotes":""},"faq_category":[11],"_links":{"self":[{"href":"https:\/\/ipoweb.bruxelles.be\/profdemain\/wp-json\/wp\/v2\/avada_faq\/2023"}],"collection":[{"href":"https:\/\/ipoweb.bruxelles.be\/profdemain\/wp-json\/wp\/v2\/avada_faq"}],"about":[{"href":"https:\/\/ipoweb.bruxelles.be\/profdemain\/wp-json\/wp\/v2\/types\/avada_faq"}],"author":[{"embeddable":true,"href":"https:\/\/ipoweb.bruxelles.be\/profdemain\/wp-json\/wp\/v2\/users\/1"}],"replies":[{"embeddable":true,"href":"https:\/\/ipoweb.bruxelles.be\/profdemain\/wp-json\/wp\/v2\/comments?post=2023"}],"version-history":[{"count":4,"href":"https:\/\/ipoweb.bruxelles.be\/profdemain\/wp-json\/wp\/v2\/avada_faq\/2023\/revisions"}],"predecessor-version":[{"id":2319,"href":"https:\/\/ipoweb.bruxelles.be\/profdemain\/wp-json\/wp\/v2\/avada_faq\/2023\/revisions\/2319"}],"wp:attachment":[{"href":"https:\/\/ipoweb.bruxelles.be\/profdemain\/wp-json\/wp\/v2\/media?parent=2023"}],"wp:term":[{"taxonomy":"faq_category","embeddable":true,"href":"https:\/\/ipoweb.bruxelles.be\/profdemain\/wp-json\/wp\/v2\/faq_category?post=2023"}],"curies":[{"name":"wp","href":"https:\/\/api.w.org\/{rel}","templated":true}]}}