{"id":2027,"date":"2021-03-24T11:14:42","date_gmt":"2021-03-24T10:14:42","guid":{"rendered":"http:\/\/ipoweb.bruxelles.be\/profdemain\/?post_type=avada_faq&#038;p=2027"},"modified":"2021-04-22T14:24:24","modified_gmt":"2021-04-22T12:24:24","slug":"donne-t-elle-acces-a-un-diplome-de-bachelier","status":"publish","type":"avada_faq","link":"https:\/\/ipoweb.bruxelles.be\/profdemain\/faq-items\/donne-t-elle-acces-a-un-diplome-de-bachelier\/","title":{"rendered":"La formation en horaire adapt\u00e9 donne-t-elle acc\u00e8s \u00e0 un dipl\u00f4me de Bachelier ?"},"content":{"rendered":"<p>Oui. \u00c0 la fin de sa formation, l&rsquo;\u00e9tudiant.e obtient un Bachelier Agr\u00e9gation de l\u2019Enseignement Secondaire Inf\u00e9rieur (AESI). Le dipl\u00f4me obtenu est reconnu par la F\u00e9d\u00e9ration Wallonie-Bruxelles (anciennement Communaut\u00e9 fran\u00e7aise) et est identique \u00e0 celui obtenu en horaire du jour. Ce dipl\u00f4me permet d\u2019enseigner avec le titre requis dans tous les r\u00e9seaux d\u2019enseignement de la F\u00e9d\u00e9ration Wallonie-Bruxelles (enseignement libre, organis\u00e9 ou subventionn\u00e9).<\/p>\n","protected":false},"excerpt":{"rendered":"<p>Oui. \u00c0 la fin de sa formation, l&rsquo;\u00e9tudiant.e obtient un [&hellip;]<\/p>\n","protected":false},"author":1,"featured_media":0,"menu_order":0,"comment_status":"closed","ping_status":"closed","template":"","format":"standard","meta":{"footnotes":""},"faq_category":[11],"_links":{"self":[{"href":"https:\/\/ipoweb.bruxelles.be\/profdemain\/wp-json\/wp\/v2\/avada_faq\/2027"}],"collection":[{"href":"https:\/\/ipoweb.bruxelles.be\/profdemain\/wp-json\/wp\/v2\/avada_faq"}],"about":[{"href":"https:\/\/ipoweb.bruxelles.be\/profdemain\/wp-json\/wp\/v2\/types\/avada_faq"}],"author":[{"embeddable":true,"href":"https:\/\/ipoweb.bruxelles.be\/profdemain\/wp-json\/wp\/v2\/users\/1"}],"replies":[{"embeddable":true,"href":"https:\/\/ipoweb.bruxelles.be\/profdemain\/wp-json\/wp\/v2\/comments?post=2027"}],"version-history":[{"count":6,"href":"https:\/\/ipoweb.bruxelles.be\/profdemain\/wp-json\/wp\/v2\/avada_faq\/2027\/revisions"}],"predecessor-version":[{"id":2263,"href":"https:\/\/ipoweb.bruxelles.be\/profdemain\/wp-json\/wp\/v2\/avada_faq\/2027\/revisions\/2263"}],"wp:attachment":[{"href":"https:\/\/ipoweb.bruxelles.be\/profdemain\/wp-json\/wp\/v2\/media?parent=2027"}],"wp:term":[{"taxonomy":"faq_category","embeddable":true,"href":"https:\/\/ipoweb.bruxelles.be\/profdemain\/wp-json\/wp\/v2\/faq_category?post=2027"}],"curies":[{"name":"wp","href":"https:\/\/api.w.org\/{rel}","templated":true}]}}