{"id":2047,"date":"2021-03-23T11:28:21","date_gmt":"2021-03-23T10:28:21","guid":{"rendered":"http:\/\/ipoweb.bruxelles.be\/profdemain\/?post_type=avada_faq&#038;p=2047"},"modified":"2021-04-20T15:27:40","modified_gmt":"2021-04-20T13:27:40","slug":"comment-puis-je-valoriser-mes-acquis-de-lexperience-vae","status":"publish","type":"avada_faq","link":"https:\/\/ipoweb.bruxelles.be\/profdemain\/faq-items\/comment-puis-je-valoriser-mes-acquis-de-lexperience-vae\/","title":{"rendered":"Comment puis-je valoriser mes acquis d&rsquo;exp\u00e9rience (VAE) ?"},"content":{"rendered":"<p>La valorisation des acquis d&rsquo;exp\u00e9rience implique de compl\u00e9ter un dossier VAE comprenant trois parties :<\/p>\n<ol>\n<li><strong>Une partie descriptive :<\/strong> elle permet de d\u00e9crire les dipl\u00f4mes et certificats obtenus ;<\/li>\n<li><strong>Une partie analytique :<\/strong> elle permet d\u2019identifier les comp\u00e9tences d\u00e9j\u00e0 acquises au regard des comp\u00e9tences attendues au terme de la formation souhait\u00e9e et ce sur base du r\u00e9f\u00e9rentiel de comp\u00e9tences du cursus pl\u00e9biscit\u00e9 ainsi que d\u2019identifier les UE et\/ou les activit\u00e9s d\u2019apprentissage pour lesquelles les comp\u00e9tences sont acquises sur base de la grille du cursus dans lequel le candidat veut s\u2019inscrire ;<\/li>\n<li><strong>Une partie r\u00e9flexive :<\/strong> elle permet in fine de montrer par la description d\u2019un projet ou d\u2019une exp\u00e9rience professionnelle v\u00e9cue, que le candidat peut mobiliser les comp\u00e9tences acquises (qu\u2019elles soient acad\u00e9miques, personnelles et\/ou professionnelles).<\/li>\n<\/ol>\n","protected":false},"excerpt":{"rendered":"<p>La valorisation des acquis d&rsquo;exp\u00e9rience implique de compl\u00e9ter un dossier [&hellip;]<\/p>\n","protected":false},"author":1,"featured_media":0,"menu_order":0,"comment_status":"closed","ping_status":"closed","template":"","format":"standard","meta":{"footnotes":""},"faq_category":[15],"_links":{"self":[{"href":"https:\/\/ipoweb.bruxelles.be\/profdemain\/wp-json\/wp\/v2\/avada_faq\/2047"}],"collection":[{"href":"https:\/\/ipoweb.bruxelles.be\/profdemain\/wp-json\/wp\/v2\/avada_faq"}],"about":[{"href":"https:\/\/ipoweb.bruxelles.be\/profdemain\/wp-json\/wp\/v2\/types\/avada_faq"}],"author":[{"embeddable":true,"href":"https:\/\/ipoweb.bruxelles.be\/profdemain\/wp-json\/wp\/v2\/users\/1"}],"replies":[{"embeddable":true,"href":"https:\/\/ipoweb.bruxelles.be\/profdemain\/wp-json\/wp\/v2\/comments?post=2047"}],"version-history":[{"count":6,"href":"https:\/\/ipoweb.bruxelles.be\/profdemain\/wp-json\/wp\/v2\/avada_faq\/2047\/revisions"}],"predecessor-version":[{"id":2236,"href":"https:\/\/ipoweb.bruxelles.be\/profdemain\/wp-json\/wp\/v2\/avada_faq\/2047\/revisions\/2236"}],"wp:attachment":[{"href":"https:\/\/ipoweb.bruxelles.be\/profdemain\/wp-json\/wp\/v2\/media?parent=2047"}],"wp:term":[{"taxonomy":"faq_category","embeddable":true,"href":"https:\/\/ipoweb.bruxelles.be\/profdemain\/wp-json\/wp\/v2\/faq_category?post=2047"}],"curies":[{"name":"wp","href":"https:\/\/api.w.org\/{rel}","templated":true}]}}