{"id":2290,"date":"2021-04-27T16:17:02","date_gmt":"2021-04-27T14:17:02","guid":{"rendered":"http:\/\/ipoweb.bruxelles.be\/profdemain\/?post_type=avada_faq&#038;p=2290"},"modified":"2021-04-27T16:17:30","modified_gmt":"2021-04-27T14:17:30","slug":"je-souhaite-en-savoir-plus-sur-les-titres-et-fonctions-donnant-acces-au-metier-denseignant-e","status":"publish","type":"avada_faq","link":"https:\/\/ipoweb.bruxelles.be\/profdemain\/faq-items\/je-souhaite-en-savoir-plus-sur-les-titres-et-fonctions-donnant-acces-au-metier-denseignant-e\/","title":{"rendered":"Je souhaite en savoir plus sur les titres et fonctions donnant acc\u00e8s au m\u00e9tier d&rsquo;enseignant.e."},"content":{"rendered":"<p>Depuis 2016, la r\u00e9forme des titres et fonctions cat\u00e9gorise les titres donnant acc\u00e8s aux fonctions subventionn\u00e9es selon trois ordres :<\/p>\n<ul>\n<li>les titres requis,<\/li>\n<li>les titres suffisants<\/li>\n<li>les titres de p\u00e9nurie<\/li>\n<\/ul>\n<p>Les deux premi\u00e8res cat\u00e9gories permettent \u00e0 l\u2019enseignant concern\u00e9 de cumuler son anciennet\u00e9 et de devenir prioritaire au sein de son Pouvoir Organisateur au bout de 360 jours d\u2019anciennet\u00e9.<\/p>\n<p>La derni\u00e8re cat\u00e9gorie, les titres de p\u00e9nurie, permet l\u2019engagement de l\u2019enseignant concern\u00e9, mais ne lui permet pas de cumuler son anciennet\u00e9 si l\u2019int\u00e9ress\u00e9.e ne dispose pas de titre p\u00e9dagogique. Cela ne lui permettra donc pas de faire valoir une priorit\u00e9 au sein de son Pouvoir Organisateur. Cette derni\u00e8re cat\u00e9gorie de titre est surtout mobilis\u00e9e pour les fonctions en p\u00e9nurie s\u00e9v\u00e8re, telles que reconnues par la F\u00e9d\u00e9ration Wallonie-Bruxelles.<\/p>\n","protected":false},"excerpt":{"rendered":"<p>Depuis 2016, la r\u00e9forme des titres et fonctions cat\u00e9gorise les [&hellip;]<\/p>\n","protected":false},"author":1,"featured_media":0,"menu_order":0,"comment_status":"closed","ping_status":"closed","template":"","format":"standard","meta":{"footnotes":""},"faq_category":[12],"_links":{"self":[{"href":"https:\/\/ipoweb.bruxelles.be\/profdemain\/wp-json\/wp\/v2\/avada_faq\/2290"}],"collection":[{"href":"https:\/\/ipoweb.bruxelles.be\/profdemain\/wp-json\/wp\/v2\/avada_faq"}],"about":[{"href":"https:\/\/ipoweb.bruxelles.be\/profdemain\/wp-json\/wp\/v2\/types\/avada_faq"}],"author":[{"embeddable":true,"href":"https:\/\/ipoweb.bruxelles.be\/profdemain\/wp-json\/wp\/v2\/users\/1"}],"replies":[{"embeddable":true,"href":"https:\/\/ipoweb.bruxelles.be\/profdemain\/wp-json\/wp\/v2\/comments?post=2290"}],"version-history":[{"count":1,"href":"https:\/\/ipoweb.bruxelles.be\/profdemain\/wp-json\/wp\/v2\/avada_faq\/2290\/revisions"}],"predecessor-version":[{"id":2291,"href":"https:\/\/ipoweb.bruxelles.be\/profdemain\/wp-json\/wp\/v2\/avada_faq\/2290\/revisions\/2291"}],"wp:attachment":[{"href":"https:\/\/ipoweb.bruxelles.be\/profdemain\/wp-json\/wp\/v2\/media?parent=2290"}],"wp:term":[{"taxonomy":"faq_category","embeddable":true,"href":"https:\/\/ipoweb.bruxelles.be\/profdemain\/wp-json\/wp\/v2\/faq_category?post=2290"}],"curies":[{"name":"wp","href":"https:\/\/api.w.org\/{rel}","templated":true}]}}