{"id":53,"date":"2016-09-20T10:35:14","date_gmt":"2016-09-20T08:35:14","guid":{"rendered":"http:\/\/ipoweb.bruxelles.be\/webschools2\/?page_id=53"},"modified":"2023-09-01T16:15:49","modified_gmt":"2023-09-01T14:15:49","slug":"equipe-educative","status":"publish","type":"page","link":"https:\/\/ipoweb.bruxelles.be\/webschools2\/equipe-educative\/","title":{"rendered":"Equipe \u00e9ducative"},"content":{"rendered":"\n<figure class=\"wp-block-table\"><table  class=\" table table-hover\" ><tbody><tr><td class=\"has-text-align-center\" data-align=\"center\"><em style=\"font-family: NonBreakingSpaceOverride, &quot;Hoefler Text&quot;, Garamond, &quot;Times New Roman&quot;, serif; font-size: revert; letter-spacing: normal; text-align: center; font-weight: inherit;\">Direction<\/em><span style=\"font-family: NonBreakingSpaceOverride, &quot;Hoefler Text&quot;, Garamond, &quot;Times New Roman&quot;, serif; font-size: revert; letter-spacing: normal; text-align: center; font-weight: inherit;\"> : <\/span><strong style=\"font-family: NonBreakingSpaceOverride, &quot;Hoefler Text&quot;, Garamond, &quot;Times New Roman&quot;, serif; font-size: revert; letter-spacing: normal; text-align: center;\">Isabelle Bruart <\/strong><br><em style=\"font-family: NonBreakingSpaceOverride, &quot;Hoefler Text&quot;, Garamond, &quot;Times New Roman&quot;, serif; font-size: revert; letter-spacing: normal; text-align: center; font-weight: inherit;\">Secr\u00e9taria<\/em><span style=\"font-family: NonBreakingSpaceOverride, &quot;Hoefler Text&quot;, Garamond, &quot;Times New Roman&quot;, serif; font-size: revert; letter-spacing: normal; text-align: center; font-weight: inherit;\">t : <\/span><strong style=\"font-family: NonBreakingSpaceOverride, &quot;Hoefler Text&quot;, Garamond, &quot;Times New Roman&quot;, serif; font-size: revert; letter-spacing: normal; text-align: center;\">Karima Ouahib <\/strong><\/td><\/tr><\/tbody><\/table><\/figure>\n\n\n\n<figure class=\"wp-block-table aligncenter\"><table  class=\" table table-hover\" ><tbody><tr><td><strong>Les titulaires<\/strong><br>Milants Ingrid<br>Van Dale Claire<br>Pater Martine<br>Bajjadi Yamna<br>Kucuktas Iknur<br>G\u00fcler Sibel<br>Willems Amina<br>Godart Dany<br>Haumont S\u00e9verine<br>Mathieu Sylvie<br><br><strong>Les Maitres d&rsquo;Enseignement Individualis\u00e9<\/strong><br>Bettens Marcelle<br>Hance Carine (Informatique)<br>Marion V\u00e9ronique<br><strong><br>Les \u00e9ducateurs<\/strong><br>Maata Souka\u00efna<br>Zaidouni Ghezlane<br>El Imrani Imane<br><br><strong>Les logop\u00e8des<\/strong><br>Delguste Aur\u00e9lie<br>Willaime Anne<br><br><strong>Les kin\u00e9s (psychomotricit\u00e9 relationnelle et fonctionnelle)<\/strong><br>Hoet Dominique<br>Swalus Mich\u00e8le<\/td><td><strong>Les professeurs d&rsquo;\u00e9ducation physique<\/strong><br>Boujardon Sam<br>Gizzarelli Mathieu<br><br><strong>Le professeur d&rsquo;\u00e9ducation musicale<\/strong><br>Compin Mathilde<br><br><strong>La professeure de philosophie et citoyennet\u00e9<\/strong><br>Nejman Sophie<br><br><strong>Les professeurs de cours philosophiques<\/strong><br>Rusi Hassani Anas<br>El Ouhabi Latifa<br>Melakis Despina<br>Popelier Philippe<br>Houz\u00e9 Florence<br>Gounidis Evanthia<br><br><strong>L&rsquo;\u00e9quipe PMS<\/strong><br>Dupont Sylvie (psychologue)<br>Marlighem Ang\u00e9lique (infirmi\u00e8res)<br>Mugoli Nadine (assistante sociale)<br><br><strong>Le personnel d&rsquo;entretien<\/strong><br>Lechapelier V\u00e9ronique (coordinatrice)<br>Bellanti Maria<br>Terfous Rachida<br>Robidet Dany<br>Camara Fatime<br>Bouzaghda Khadija<\/td><\/tr><\/tbody><\/table><\/figure>\n","protected":false},"excerpt":{"rendered":"<p>Direction : Isabelle Bruart Secr\u00e9tariat : Karima Ouahib Les titulairesMilants IngridVan Dale ClairePater MartineBajjadi YamnaKucuktas IknurG\u00fcler SibelWillems AminaGodart DanyHaumont S\u00e9verineMathieu Sylvie Les Maitres d&rsquo;Enseignement Individualis\u00e9Bettens MarcelleHance Carine (Informatique)Marion V\u00e9roniqueLes \u00e9ducateursMaata Souka\u00efnaZaidouni GhezlaneEl Imrani Imane Les logop\u00e8desDelguste Aur\u00e9lieWillaime Anne Les kin\u00e9s (psychomotricit\u00e9 relationnelle et fonctionnelle)Hoet DominiqueSwalus Mich\u00e8le Les professeurs d&rsquo;\u00e9ducation physiqueBoujardon SamGizzarelli Mathieu Le professeur d&rsquo;\u00e9ducation [&hellip;]<\/p>\n","protected":false},"author":2,"featured_media":0,"parent":0,"menu_order":0,"comment_status":"closed","ping_status":"closed","template":"","meta":{"footnotes":""},"_links":{"self":[{"href":"https:\/\/ipoweb.bruxelles.be\/webschools2\/wp-json\/wp\/v2\/pages\/53"}],"collection":[{"href":"https:\/\/ipoweb.bruxelles.be\/webschools2\/wp-json\/wp\/v2\/pages"}],"about":[{"href":"https:\/\/ipoweb.bruxelles.be\/webschools2\/wp-json\/wp\/v2\/types\/page"}],"author":[{"embeddable":true,"href":"https:\/\/ipoweb.bruxelles.be\/webschools2\/wp-json\/wp\/v2\/users\/2"}],"replies":[{"embeddable":true,"href":"https:\/\/ipoweb.bruxelles.be\/webschools2\/wp-json\/wp\/v2\/comments?post=53"}],"version-history":[{"count":25,"href":"https:\/\/ipoweb.bruxelles.be\/webschools2\/wp-json\/wp\/v2\/pages\/53\/revisions"}],"predecessor-version":[{"id":2177,"href":"https:\/\/ipoweb.bruxelles.be\/webschools2\/wp-json\/wp\/v2\/pages\/53\/revisions\/2177"}],"wp:attachment":[{"href":"https:\/\/ipoweb.bruxelles.be\/webschools2\/wp-json\/wp\/v2\/media?parent=53"}],"curies":[{"name":"wp","href":"https:\/\/api.w.org\/{rel}","templated":true}]}}